{"version":"1.0","provider_name":"Aromatherapie - Aromapflege - \u00c4therische \u00d6le","provider_url":"https:\/\/aetherische-oele.net\/WP","author_name":"Baumann","author_url":"https:\/\/aetherische-oele.net\/WP\/author\/baumann\/","title":"K\u00fcmmel\u00f6l (Carum carvi L.) - Aromatherapie - Aromapflege - \u00c4therische \u00d6le","type":"rich","width":600,"height":338,"html":"<blockquote class=\"wp-embedded-content\" data-secret=\"41eiylbVXK\"><a href=\"https:\/\/aetherische-oele.net\/WP\/kuemmeloel-carum-carvi-l\/\">K\u00fcmmel\u00f6l (Carum carvi L.)<\/a><\/blockquote><iframe sandbox=\"allow-scripts\" security=\"restricted\" src=\"https:\/\/aetherische-oele.net\/WP\/kuemmeloel-carum-carvi-l\/embed\/#?secret=41eiylbVXK\" width=\"600\" height=\"338\" title=\"&#8222;K\u00fcmmel\u00f6l (Carum carvi L.)&#8220; &#8211; Aromatherapie - Aromapflege - \u00c4therische \u00d6le\" data-secret=\"41eiylbVXK\" frameborder=\"0\" marginwidth=\"0\" marginheight=\"0\" scrolling=\"no\" class=\"wp-embedded-content\"><\/iframe><script type=\"text\/javascript\">\n\/* <![CDATA[ *\/\n\/*! This file is auto-generated *\/\n!function(d,l){\"use strict\";l.querySelector&&d.addEventListener&&\"undefined\"!=typeof URL&&(d.wp=d.wp||{},d.wp.receiveEmbedMessage||(d.wp.receiveEmbedMessage=function(e){var t=e.data;if((t||t.secret||t.message||t.value)&&!\/[^a-zA-Z0-9]\/.test(t.secret)){for(var s,r,n,a=l.querySelectorAll('iframe[data-secret=\"'+t.secret+'\"]'),o=l.querySelectorAll('blockquote[data-secret=\"'+t.secret+'\"]'),c=new RegExp(\"^https?:$\",\"i\"),i=0;i<o.length;i++)o[i].style.display=\"none\";for(i=0;i<a.length;i++)s=a[i],e.source===s.contentWindow&&(s.removeAttribute(\"style\"),\"height\"===t.message?(1e3<(r=parseInt(t.value,10))?r=1e3:~~r<200&&(r=200),s.height=r):\"link\"===t.message&&(r=new URL(s.getAttribute(\"src\")),n=new URL(t.value),c.test(n.protocol))&&n.host===r.host&&l.activeElement===s&&(d.top.location.href=t.value))}},d.addEventListener(\"message\",d.wp.receiveEmbedMessage,!1),l.addEventListener(\"DOMContentLoaded\",function(){for(var e,t,s=l.querySelectorAll(\"iframe.wp-embedded-content\"),r=0;r<s.length;r++)(t=(e=s[r]).getAttribute(\"data-secret\"))||(t=Math.random().toString(36).substring(2,12),e.src+=\"#?secret=\"+t,e.setAttribute(\"data-secret\",t)),e.contentWindow.postMessage({message:\"ready\",secret:t},\"*\")},!1)))}(window,document);\n\/\/# sourceURL=https:\/\/aetherische-oele.net\/WP\/wp-includes\/js\/wp-embed.min.js\n\/* ]]> *\/\n<\/script>\n","description":"K\u00fcmmel\u00f6l (Carum carvi L.) Der K\u00fcmmel ist eine zweij\u00e4hrige Pflanze, die urspr\u00fcnglich aus S\u00fcdosteuropa stammt. K\u00fcmmel w\u00e4chst heute aber auch in Indien, Pakistan, Russland, Polen, Ungarn, den USA und Deutschland. Der K\u00fcmmel ist ein Doldenbl\u00fctler, wie der Kreuzk\u00fcmmel und der Koriander und er wird bis zu 60\u00a0cm gro\u00df. Seine Bl\u00e4tter sind gefiedert, eher wie M\u00f6hrenbl\u00e4tter, [&hellip;]","thumbnail_url":"https:\/\/aetherische-oele.net\/WP\/wp-content\/uploads\/Kuemmel-1-1-361x500.jpg"}